{"id":4841,"date":"2021-12-29T16:18:40","date_gmt":"2021-12-29T15:18:40","guid":{"rendered":"https:\/\/iweech.staging-allforweb.fr\/?page_id=4841"},"modified":"2022-03-08T09:40:33","modified_gmt":"2022-03-08T08:40:33","slug":"assurance-es","status":"publish","type":"page","link":"https:\/\/www.iweech.com\/en\/assurance-es\/","title":{"rendered":"Assurance ES"},"content":{"rendered":"<p>[et_pb_section fb_built=&#8221;1&#8243; _builder_version=&#8221;4.10.8&#8243; _module_preset=&#8221;default&#8221; background_color=&#8221;#f2f2f2&#8243; da_disable_devices=&#8221;off|off|off&#8221; global_colors_info=&#8221;{}&#8221; da_is_popup=&#8221;off&#8221; da_exit_intent=&#8221;off&#8221; da_has_close=&#8221;on&#8221; da_alt_close=&#8221;off&#8221; da_dark_close=&#8221;off&#8221; da_not_modal=&#8221;on&#8221; da_is_singular=&#8221;off&#8221; da_with_loader=&#8221;off&#8221; da_has_shadow=&#8221;on&#8221;][et_pb_row column_structure=&#8221;1_2,1_2&#8243; make_equal=&#8221;on&#8221; _builder_version=&#8221;4.10.8&#8243; _module_preset=&#8221;default&#8221; global_module=&#8221;4827&#8243; saved_tabs=&#8221;all&#8221; global_colors_info=&#8221;{}&#8221;][et_pb_column type=&#8221;1_2&#8243; _builder_version=&#8221;4.10.8&#8243; _module_preset=&#8221;default&#8221; custom_css_main_element=&#8221;margin:auto;&#8221; global_colors_info=&#8221;{}&#8221;][et_pb_image src=&#8221;http:\/\/iweech.com\/wp-content\/uploads\/2021\/12\/Assurance-velo-IWEECH.jpg&#8221; title_text=&#8221;Assurance-velo-IWEECH&#8221; _builder_version=&#8221;4.10.8&#8243; _module_preset=&#8221;default&#8221; global_colors_info=&#8221;{}&#8221;][\/et_pb_image][\/et_pb_column][et_pb_column type=&#8221;1_2&#8243; _builder_version=&#8221;4.10.8&#8243; _module_preset=&#8221;default&#8221; custom_css_main_element=&#8221;margin:auto;&#8221; global_colors_info=&#8221;{}&#8221;][et_pb_text _builder_version=&#8221;4.10.8&#8243; _module_preset=&#8221;default&#8221; header_2_font_size=&#8221;40px&#8221; global_colors_info=&#8221;{}&#8221;]<\/p>\n<h2>L&#8217;assurance IWEECH<\/h2>\n<p><span>L\u2019ambition de vous offrir une protection maximum.<br \/>Au-del\u00e0 de l&#8217;antivol IWEECH \u00e0 d\u00e9tection de mouvement inclus dans le prix de votre v\u00e9lo, nous vous proposons la s\u00e9r\u00e9nit\u00e9 absolue avec l&#8217;assurance IWEECH<\/span><\/p>\n<p>[\/et_pb_text][et_pb_text _builder_version=&#8221;4.10.8&#8243; _module_preset=&#8221;default&#8221; text_font=&#8221;|700|||||||&#8221; text_text_color=&#8221;#0222f5&#8243; text_font_size=&#8221;35px&#8221; text_orientation=&#8221;center&#8221; global_colors_info=&#8221;{}&#8221;]<\/p>\n<p>\u00e0 partir de 120 \u20ac \/ an*<\/p>\n<p>[\/et_pb_text][et_pb_text ul_type=&#8221;square&#8221; _builder_version=&#8221;4.10.8&#8243; _module_preset=&#8221;default&#8221; text_font=&#8221;|300|||||||&#8221; text_font_size=&#8221;18px&#8221; global_colors_info=&#8221;{}&#8221;]<\/p>\n<ul>\n<li>Hotline d\u00e9di\u00e9e<\/li>\n<li>Couverture contre le dommage et le vol<\/li>\n<li>R\u00e9paration du v\u00e9lo ou indemnisation<\/li>\n<li>Couverture dommage accidentals<\/li>\n<li>Couverture dommage accidentals<\/li>\n<li>D\u00e9pannage-remorquage<\/li>\n<li>Couverture vandalisme<\/li>\n<\/ul>\n<p>[\/et_pb_text][et_pb_text _builder_version=&#8221;4.10.8&#8243; _module_preset=&#8221;default&#8221; text_font=&#8221;|300|||||||&#8221; text_font_size=&#8221;14px&#8221; text_orientation=&#8221;center&#8221; global_colors_info=&#8221;{}&#8221;]<\/p>\n<p>*prix variable en fonction du mod\u00e8le de v\u00e9lo et du pays de couverture<\/p>\n<p>[\/et_pb_text][\/et_pb_column][\/et_pb_row][\/et_pb_section][et_pb_section fb_built=&#8221;1&#8243; _builder_version=&#8221;4.10.8&#8243; _module_preset=&#8221;default&#8221; da_disable_devices=&#8221;off|off|off&#8221; global_colors_info=&#8221;{}&#8221; da_is_popup=&#8221;off&#8221; da_exit_intent=&#8221;off&#8221; da_has_close=&#8221;on&#8221; da_alt_close=&#8221;off&#8221; da_dark_close=&#8221;off&#8221; da_not_modal=&#8221;on&#8221; da_is_singular=&#8221;off&#8221; da_with_loader=&#8221;off&#8221; da_has_shadow=&#8221;on&#8221;][et_pb_row _builder_version=&#8221;4.10.8&#8243; _module_preset=&#8221;default&#8221; global_colors_info=&#8221;{}&#8221;][et_pb_column type=&#8221;4_4&#8243; _builder_version=&#8221;4.10.8&#8243; _module_preset=&#8221;default&#8221; global_colors_info=&#8221;{}&#8221;][et_pb_accordion open_toggle_background_color=&#8221;#FFFFFF&#8221; closed_toggle_background_color=&#8221;#FFFFFF&#8221; icon_color=&#8221;#0222f5&#8243; _builder_version=&#8221;4.10.8&#8243; _module_preset=&#8221;default&#8221; toggle_level=&#8221;h2&#8243; toggle_font=&#8221;Poppins||||||||&#8221; toggle_font_size=&#8221;18px&#8221; toggle_line_height=&#8221;1.2em&#8221; closed_toggle_font=&#8221;|300|||||||&#8221; closed_toggle_line_height=&#8221;1.2em&#8221; body_font=&#8221;|300|||||||&#8221; body_text_color=&#8221;#414141&#8243; body_font_size=&#8221;18px&#8221; text_orientation=&#8221;left&#8221; custom_margin=&#8221;0px||||false|false&#8221; custom_padding=&#8221;4px||0px||false|false&#8221; border_width_top=&#8221;0px&#8221; border_width_right=&#8221;0px&#8221; border_width_bottom=&#8221;0px&#8221; border_width_left=&#8221;2px&#8221; border_color_left=&#8221;#0C71C3&#8243; global_colors_info=&#8221;{}&#8221;][et_pb_accordion_item title=&#8221;\u00bfCumple los requisitos para contratar este seguro? &#8221; open=&#8221;on&#8221; _builder_version=&#8221;4.10.8&#8243; _module_preset=&#8221;default&#8221; global_colors_info=&#8221;{}&#8221;]<\/p>\n<p>Cubrimos su bicicleta durante todo el a\u00f1o hasta un m\u00e1ximo de 5 a\u00f1os. <br \/>Una p\u00f3liza de seguro destinada \u00fanicamente a bicicletas Angell.<br \/>El seguro est\u00e1 dirigido a personas mayores de 18 a\u00f1os que residan oficialmente en Espa\u00f1a.<br \/>Su bicicleta debe estar dise\u00f1ada para uso privado o comercial (por ejemplo, mensajer\u00eda, entregas, etc.).<\/p>\n<p>[\/et_pb_accordion_item][et_pb_accordion_item title=&#8221;\u00bfQu\u00e9 es el seguro de robo?&#8221; _builder_version=&#8221;4.10.8&#8243; _module_preset=&#8221;default&#8221; global_colors_info=&#8221;{}&#8221; open=&#8221;off&#8221;]<\/p>\n<p>Si le roban su bicicleta, le reembolsaremos su importe una vez deducidas la franquicia.<br \/>Tambi\u00e9n le reembolsaremos los da\u00f1os si son resultado de un intento de robo.<\/p>\n<p>[\/et_pb_accordion_item][et_pb_accordion_item title=&#8221;\u00bfQu\u00e9 es el seguro de da\u00f1os materiales? &#8221; _builder_version=&#8221;4.10.8&#8243; _module_preset=&#8221;default&#8221; global_colors_info=&#8221;{}&#8221; open=&#8221;off&#8221;]<\/p>\n<p>Su bicicleta est\u00e1 cubierta contra da\u00f1os resultantes de accidentes, vandalismo, inundaciones, incendios y otros factores externos. <br \/>Le reembolsaremos el coste de las reparaciones una vez deducidas la franquicia.<\/p>\n<p>[\/et_pb_accordion_item][et_pb_accordion_item title=&#8221;\u00bfQu\u00e9 es un gasto de emergencia? &#8221; _builder_version=&#8221;4.10.8&#8243; _module_preset=&#8221;default&#8221; global_colors_info=&#8221;{}&#8221; open=&#8221;off&#8221;]<\/p>\n<p>La garant\u00eda se aplica cuando el asegurado se encuentra inmovilizado y no puede completar su viaje con la bicicleta asegurada debido a las siguientes causas: <br \/>&#8211; Accidente.<br \/>&#8211; Robo.<br \/>&#8211; Vandalismo.<br \/>Lesi\u00f3n corporal como consecuencia del uso de la bicicleta.<br \/>Cubrimos, durante todo el tiempo que dure la inmovilizaci\u00f3n de la bicicleta o la inmovilizaci\u00f3n del asegurado, el alquiler de bicicletas o los gastos de viaje incurridos para ir al lugar donde el asegurado necesite ir y el regreso a la residencia del asegurado o a la residencia que haya indicado.<br \/>Pagamos esta garant\u00eda a la vista de los documentos justificativos y con un m\u00e1ximo de 200\u00a0\u20ac por reclamaci\u00f3n.<br \/>Esta garant\u00eda cubre hasta 3 reclamaciones por a\u00f1o de seguro.<\/p>\n<p>[\/et_pb_accordion_item][et_pb_accordion_item title=&#8221;\u00bfC\u00f3mo funciona?&#8221; _builder_version=&#8221;4.10.8&#8243; _module_preset=&#8221;default&#8221; global_colors_info=&#8221;{}&#8221; open=&#8221;off&#8221;]<\/p>\n<p>Una vez adquirido el seguro, recibir\u00e1s una confirmaci\u00f3n de iweech por correo electr\u00f3nico. En cuanto recibas tu bicicleta, sigue el procedimiento que encontrar\u00e1s en el correo electr\u00f3nico para activar tu seguro. Una vez activado, recibir\u00e1s una confirmaci\u00f3n de Qover por correo electr\u00f3nico con tu contrato de seguro, las condiciones generales y el formulario de retracci\u00f3n.<br \/>En caso de robo o siniestro total:<br \/>Contacte con nosotros aqu\u00ed [insert hyperlink: claims.qover.com] para notificar una reclamaci\u00f3n. <br \/>Recibir\u00e1 una indemnizaci\u00f3n por transferencia bancaria correspondiente al [valor de su bicicleta, menos franquicia].<br \/>Si su bicicleta necesita reparaci\u00f3n:<br \/>Contacte con nosotros [insert hyperlink: claims.qover.com] aqu\u00ed para notificar una reclamaci\u00f3n.<br \/>Se le indemnizar\u00e1 por las reparaciones. O enviaremos a alguien para que realice las reparaciones o tendr\u00e1 que ir a un taller de reparaciones.<br \/>Si no es posible reparar su bicicleta, recibir\u00e1 una indemnizaci\u00f3n por el importe de la bicicleta asegurada, menos la franquicia, mediante una transferencia a su cuenta bancaria.<\/p>\n<p>[\/et_pb_accordion_item][et_pb_accordion_item title=&#8221;\u00bfA cu\u00e1nto asciende su franquicia?&#8221; _builder_version=&#8221;4.10.8&#8243; _module_preset=&#8221;default&#8221; global_colors_info=&#8221;{}&#8221; open=&#8221;off&#8221;]<\/p>\n<p>En caso de robo y siniestro total: <br \/>Tiene una franquicia del 10\u00a0% del valor total asegurado con un m\u00ednimo de 50\u00a0\u20ac y un m\u00e1ximo de 200\u00a0\u20ac por reclamaci\u00f3n.<br \/>En caso de da\u00f1os materiales reparables:<br \/>Tiene una franquicia del 10\u00a0% del valor total asegurado con un m\u00ednimo de 50\u00a0\u20ac y un m\u00e1ximo de 200\u00a0\u20ac por reclamaci\u00f3n.<\/p>\n<p>[\/et_pb_accordion_item][et_pb_accordion_item title=&#8221;\u00bfExisten otras reglas a seguir?&#8221; _builder_version=&#8221;4.10.8&#8243; _module_preset=&#8221;default&#8221; global_colors_info=&#8221;{}&#8221; open=&#8221;off&#8221;]<\/p>\n<p>No estar\u00e1 cubierto si realiza modificaciones t\u00e9cnicas en la bicicleta. No obstante, se pueden a\u00f1adir accesorios como guardabarros o silla infantil, pero estos no estar\u00e1n cubiertos por este seguro a menos que se entreguen originalmente y se fijen a la bicicleta (para un importe m\u00e1ximo de 100\u00a0\u20ac).<\/p>\n<p>[\/et_pb_accordion_item][et_pb_accordion_item title=&#8221;\u00bfEn qu\u00e9 zona geogr\u00e1fica es v\u00e1lida la cobertura?&#8221; _builder_version=&#8221;4.10.8&#8243; _module_preset=&#8221;default&#8221; global_colors_info=&#8221;{}&#8221; open=&#8221;off&#8221;]<\/p>\n<p>La garant\u00eda es v\u00e1lida en los pa\u00edses de la Uni\u00f3n Europea, en el Reino Unido de Gran Breta\u00f1a, en los Principados de Andorra y M\u00f3naco, en Ciudad del Vaticano, en Islandia, Croacia, Liechtenstein, Noruega, San Marino y Suiza. <\/p>\n<p>[\/et_pb_accordion_item][et_pb_accordion_item title=&#8221;\u00bfCu\u00e1les son mis obligaciones?&#8221; _builder_version=&#8221;4.10.8&#8243; _module_preset=&#8221;default&#8221; global_colors_info=&#8221;{}&#8221; open=&#8221;off&#8221;]<\/p>\n<p>En caso de robo, debe denunciarlo a las autoridades policiales o judiciales en un plazo de 24 horas.<br \/>Debe enviarnos una copia del informe policial en el momento del siniestro.<br \/>Debe enviar su reclamaci\u00f3n lo antes posible tras el incidente y en un plazo m\u00e1ximo de 7 d\u00edas a contar desde que tuvo conocimiento del mismo.<br \/>Debe conservar la factura original de su bicicleta.<br \/>Debe bloquear su bicicleta de dos maneras.<br \/>Con el bloqueo del cuadro o mediante la aplicaci\u00f3n de la bicicleta.<br \/>Debe sujetar su bicicleta por el cuadro con un candado homologado, ya sea ABUS (nivel de seguridad 10 o superior), ART (categor\u00eda 2 o superior), FUB (categor\u00eda de 2 ruedas o superior) o Sold Secure Plata (u Oro) a un punto fijo (por ejemplo, portabicicletas, poste).<\/p>\n<p>[\/et_pb_accordion_item][et_pb_accordion_item title=&#8221;\u00bfPuedo anular el contrato?&#8221; _builder_version=&#8221;4.10.8&#8243; _module_preset=&#8221;default&#8221; global_colors_info=&#8221;{}&#8221; open=&#8221;off&#8221;]<\/p>\n<p>Puede cancelar el contrato de seguro en los 14 d\u00edas naturales siguientes a la formalizaci\u00f3n o recepci\u00f3n del contrato.<br \/>Puede cancelar su seguro en cada fecha de vencimiento anual. Para hacerlo, debe informar a Qover al menos 1 mes antes de la fecha de vencimiento de su contrato, por carta certificada, por orden judicial o entregando la carta de cancelaci\u00f3n con acuse de recibo.<br \/>Tambi\u00e9n puede cancelar el contrato de seguro despu\u00e9s de una reclamaci\u00f3n. Tiene 1 mes desde la fecha del pago de la indemnizaci\u00f3n o desde que este sea rechazado. El contrato de seguro se extinguir\u00e1 a los 3 meses de la notificaci\u00f3n.<br \/>Puede cancelar el contrato de seguro si cambiamos la tarifa o modificamos los t\u00e9rminos y condiciones.<br \/>Tambi\u00e9n puede cancelar el contrato de seguro si la bicicleta asegurada ha sido robada o destruida de forma que escapa a su control.<\/p>\n<p>[\/et_pb_accordion_item][et_pb_accordion_item title=&#8221;\u00bfCu\u00e1ndo y c\u00f3mo debo pagar?&#8221; _builder_version=&#8221;4.10.8&#8243; _module_preset=&#8221;default&#8221; global_colors_info=&#8221;{}&#8221; open=&#8221;off&#8221;]<\/p>\n<p>Debe pagar la prima anualmente.<br \/>Su bicicleta puede estar cubierta por un m\u00e1ximo de 5 a\u00f1os consecutivos.<br \/>Su contrato tiene una duraci\u00f3n de un a\u00f1o y se renueva autom\u00e1ticamente cada a\u00f1o. Al cabo de cinco a\u00f1os, resolveremos el contrato. De esta manera, no paga demasiado y el contrato se adapta a sus necesidades.<\/p>\n<p>[\/et_pb_accordion_item][et_pb_accordion_item title=&#8221;\u00bfC\u00f3mo informo de una reclamaci\u00f3n?&#8221; _builder_version=&#8221;4.10.8&#8243; _module_preset=&#8221;default&#8221; global_colors_info=&#8221;{}&#8221; open=&#8221;off&#8221;]<\/p>\n<p>Si desea informar de una reclamaci\u00f3n, puede ponerse en contacto con Qover a trav\u00e9s del formulario en l\u00ednea en claims.qover.com.<br \/>Puede ponerse en contacto con Qover de lunes a viernes entre las 9 am y las 5 pm en el +34 900 861 622. O por correo electr\u00f3nico a claims@qover.com.<\/p>\n<p>[\/et_pb_accordion_item][et_pb_accordion_item title=&#8221;\u00bfTiene alguna pregunta? Estamos aqu\u00ed para ayudarle.&#8221; _builder_version=&#8221;4.10.8&#8243; _module_preset=&#8221;default&#8221; global_colors_info=&#8221;{}&#8221; open=&#8221;off&#8221;]<\/p>\n<ul>\n<li>Documento informativo de la p\u00f3liza de seguro<\/li>\n<li>T\u00e9rminos y condiciones generales <br \/>Ley de protecci\u00f3n de datos<\/li>\n<li>Reclamaciones<\/li>\n<li>Conflictos de intereses<\/li>\n<\/ul>\n<p>[\/et_pb_accordion_item][\/et_pb_accordion][et_pb_cta title=&#8221;Esta p\u00e1gina es un resumen de la p\u00f3liza de seguro; consulte los t\u00e9rminos y condiciones para obtener todos los detalles de su cobertura. Esta p\u00f3liza es administrada por Qover SA. Qover es un agente de seguros belga no vinculado registrado en la Autoridad de Servicios y Mercados Financieros de B\u00e9lgica con el c\u00f3digo 0650.939.878 y con sede social en Rue du Commerce, 31, 1000 Bruselas. Cuenta con licencia para operar como distribuidor en Espa\u00f1a prestando servicios libremente y est\u00e1 inscrita en la lista de mediadores de la UE del RUI con el n\u00fam. FSMA 0660.939.878.  La cobertura de robo y da\u00f1os materiales y los gastos de emergencia se contratan con Wakam. Wakam es una sociedad limitada inscrita en el Registro Mercantil de Par\u00eds (Registre du Commerce et des Soci\u00e9t\u00e9s) con el n\u00fam. 562 117 085 y con sede social en: Rue R\u00e9aumur, 120-122, TSA 6023 75083 PARIS CEDEX 02, Francia. Wakam cuenta con licencia para realizar actividades aseguradoras en Espa\u00f1a, prestando servicios libremente, y est\u00e1 registrada en la Direcci\u00f3n General de Seguros y Fondos de Pensiones con el n\u00famero L0645. El seguro de bicicleta es un producto de seguro de no vida (rama 3).  Este contrato se celebra para un per\u00edodo de un a\u00f1o. El contrato podr\u00e1 renovarse un m\u00e1ximo de cuatro veces como m\u00e1ximo por per\u00edodos consecutivos de un a\u00f1o. Este contrato de seguro est\u00e1 sujeto a la legislaci\u00f3n espa\u00f1ola. &#8221; _builder_version=&#8221;4.10.8&#8243; _module_preset=&#8221;default&#8221; header_level=&#8221;h1&#8243; header_text_align=&#8221;left&#8221; header_text_color=&#8221;#414141&#8243; header_font_size=&#8221;14px&#8221; body_font=&#8221;Poppins|300|||||||&#8221; body_text_color=&#8221;#414141&#8243; body_font_size=&#8221;12px&#8221; body_letter_spacing=&#8221;1px&#8221; text_orientation=&#8221;left&#8221; custom_margin=&#8221;|||-57px|false|false&#8221; global_colors_info=&#8221;{}&#8221;]<\/p>\n<p>Esta p\u00e1gina es un resumen de la p\u00f3liza de seguro; consulte los t\u00e9rminos y condiciones para obtener todos los detalles de su cobertura.<br \/>Esta p\u00f3liza es administrada por Qover SA. Qover es un agente de seguros belga no vinculado registrado en la Autoridad de Servicios y Mercados Financieros de B\u00e9lgica con el c\u00f3digo 0650.939.878 y con sede social en Rue du Commerce, 31, 1000 Bruselas. Cuenta con licencia para operar como distribuidor en Espa\u00f1a prestando servicios libremente y est\u00e1 inscrita en la lista de mediadores de la UE del RUI con el n\u00fam. FSMA 0660.939.878. <br \/>La cobertura de robo y da\u00f1os materiales y los gastos de emergencia se contratan con Wakam. Wakam es una sociedad limitada inscrita en el Registro Mercantil de Par\u00eds (Registre du Commerce et des Soci\u00e9t\u00e9s) con el n\u00fam. 562 117\u00a0085 y con sede social en: Rue R\u00e9aumur, 120-122, TSA 6023 75083 PARIS CEDEX 02, Francia. Wakam cuenta con licencia para realizar actividades aseguradoras en Espa\u00f1a, prestando servicios libremente, y est\u00e1 registrada en la\u00a0Direcci\u00f3n General de Seguros y Fondos de Pensiones con el n\u00famero L0645.<br \/>El seguro de bicicleta es un producto de seguro de no vida (rama 3). <br \/>Este contrato se celebra para un per\u00edodo de un a\u00f1o. El contrato podr\u00e1 renovarse un m\u00e1ximo de cuatro veces como m\u00e1ximo por per\u00edodos consecutivos de un a\u00f1o.<br \/>Este contrato de seguro est\u00e1 sujeto a la legislaci\u00f3n espa\u00f1ola.<\/p>\n<p>[\/et_pb_cta][\/et_pb_column][\/et_pb_row][\/et_pb_section]<\/p>\n","protected":false},"excerpt":{"rendered":"<p>L&#8217;assurance IWEECH L\u2019ambition de vous offrir une protection maximum.Au-del\u00e0 de l&#8217;antivol IWEECH \u00e0 d\u00e9tection de mouvement inclus dans le prix de votre v\u00e9lo, nous vous proposons la s\u00e9r\u00e9nit\u00e9 absolue avec l&#8217;assurance IWEECH\u00e0 partir de 120 \u20ac \/ an* Hotline d\u00e9di\u00e9e Couverture contre le dommage et le vol R\u00e9paration du v\u00e9lo ou indemnisation Couverture dommage accidentals [&hellip;]<\/p>\n","protected":false},"author":11,"featured_media":0,"parent":0,"menu_order":100,"comment_status":"closed","ping_status":"closed","template":"","meta":{"_et_pb_use_builder":"on","_et_pb_old_content":"","_et_gb_content_width":"","footnotes":""},"class_list":["post-4841","page","type-page","status-publish","hentry"],"acf":[],"_links":{"self":[{"href":"https:\/\/www.iweech.com\/en\/wp-json\/wp\/v2\/pages\/4841","targetHints":{"allow":["GET"]}}],"collection":[{"href":"https:\/\/www.iweech.com\/en\/wp-json\/wp\/v2\/pages"}],"about":[{"href":"https:\/\/www.iweech.com\/en\/wp-json\/wp\/v2\/types\/page"}],"author":[{"embeddable":true,"href":"https:\/\/www.iweech.com\/en\/wp-json\/wp\/v2\/users\/11"}],"replies":[{"embeddable":true,"href":"https:\/\/www.iweech.com\/en\/wp-json\/wp\/v2\/comments?post=4841"}],"version-history":[{"count":0,"href":"https:\/\/www.iweech.com\/en\/wp-json\/wp\/v2\/pages\/4841\/revisions"}],"wp:attachment":[{"href":"https:\/\/www.iweech.com\/en\/wp-json\/wp\/v2\/media?parent=4841"}],"curies":[{"name":"wp","href":"https:\/\/api.w.org\/{rel}","templated":true}]}}